{"id":115,"date":"2024-06-18T13:28:47","date_gmt":"2024-06-18T11:28:47","guid":{"rendered":"http:\/\/jaslesvetluska.sk\/?page_id=115"},"modified":"2024-09-05T12:04:57","modified_gmt":"2024-09-05T10:04:57","slug":"priestory","status":"publish","type":"page","link":"https:\/\/jaslesvetluska.sk\/?page_id=115","title":{"rendered":"Priestory"},"content":{"rendered":"<h3 style=\"color: #f16c20;\">Vn\u00fatorn\u00e9 priestory<\/h3>\n<h4>Triedy<\/h4>\n<p>Vzdelanie na\u0161ich det\u00ed realizujeme v s\u00falade so \u0160t\u00e1tnym vzdel\u00e1vac\u00edm programom pre predprim\u00e1rne vzdel\u00e1vanie, schv\u00e1len\u00fdm ministerstvom \u0161kolstva, vedy , v\u00fdskumu a \u0161portu SR. Obsah vzdel\u00e1vac\u00edch oblast\u00ed sa sna\u017e\u00edme de\u0165om obohati\u0165 formou z\u00e1\u017eitkov\u00e9ho u\u010denia, vyu\u017eit\u00edm kvalitn\u00fdch materi\u00e1lov, ktor\u00e9 kombinujeme pod\u013ea vekovej \u00farovn\u00ed det\u00ed v ka\u017edej triede.<\/p>\n<h5><strong>1. trieda &#8211; Lienky &#8211; 1 rok a\u017e 2,5 roka<\/strong><\/h5>\n<h5><strong>V\u00fdchovno-vzdelavac\u00ed program zameran\u00fd na:<\/strong><\/h5>\n<ul>\n<li>a) osobitn\u00fd a soci\u00e1lny rozvoj \u2013 vytv\u00e1rame pozit\u00edvny vz\u0165ah medzi \u010fe\u0165mi a pani vychov\u00e1vate\u013ekou cez l\u00e1sku a trpezlivos\u0165<\/li>\n<li>b) v\u010dasn\u00fa stimul\u00e1ciu re\u010di \u2013 spievame, ukazujeme obr\u00e1zky, \u010d\u00edtame kni\u017eky, u\u010d\u00edme sa jednoslabi\u010dn\u00e9 slov\u00e1 zameran\u00e9 na v\u00fdvoj re\u010di<\/li>\n<li>c) rozvoj motoriky tela, noh a r\u00fak \u2013 cvi\u010d\u00edme a tancujeme, manipulujeme s r\u00f4znymi bezpe\u010dnostn\u00fdmi vecami<\/li>\n<li>d) rozv\u00edjanie sebaobslu\u017en\u00fdch n\u00e1vykov \u2013 vo\u013en\u00e1 aj veden\u00e1 hra,ktor\u00e1 predl\u017euje detsk\u00fa pozornos\u0165 a s\u00fastredenie. Cie\u013eom je stimul\u00e1cia viacer\u00fdch zmyslov\u00fdch syst\u00e9mov, ktor\u00e9 pom\u00e1haj\u00fa rozv\u00edja\u0165 zrak,sluch,hmat,\u010duch a chu\u0165.<\/li>\n<\/ul>\nngg_shortcode_0_placeholder\n<h5><strong>2. trieda &#8211; Veveri\u010dky &#8211; 2,5 roka a\u017e 4 roky<\/strong><\/h5>\n<h5><strong>V\u00fdchovno-vzdelavac\u00ed program zameran\u00fd na:<\/strong><\/h5>\n<ul>\n<li>a) osobitn\u00fd a soci\u00e1lny rozvoj \u2013 Zameriavame sa na soci\u00e1lne prostredie a spolu\u017eitie s ostatn\u00fdmi, u\u010d\u00edme sa spr\u00e1vnym stravovac\u00edm n\u00e1vykom, zdravej osobnej hygiene.<\/li>\n<li>b) jazky,re\u010d a komunik\u00e1cia \u2013 spievame, \u010d\u00edtame kni\u017eky, u\u010d\u00edme sa r\u00fdmova\u010dky. Roz\u0161irujeme si akt\u00edvnu slovn\u00fa z\u00e1sobu.<\/li>\n<li>c) rozvoj jemnej motoriky \u2013 sk\u00e1kanie, tanec, jazdenie na odr\u00e1\u017eadl\u00e1ch, jednoduch\u00e9 \u0161portov\u00e9 hry.<\/li>\n<li>d) kreativita \u2013 pou\u017e\u00edvame hudobn\u00e9 n\u00e1stroje a r\u00f4zne v\u00fdtvarn\u00e9 techniky na realiz\u00e1ciu fant\u00e1zie.<\/li>\n<\/ul>\nngg_shortcode_1_placeholder\n<h5><strong>3. trieda &#8211; Mackovia &#8211; 4 roky a\u017e 6 rokov<\/strong><\/h5>\n<h5><strong>V\u00fdchovno-vzdelavac\u00ed program zameran\u00fd na:<\/strong><\/h5>\n<ul>\n<li>a) Soci\u00e1lny a emocion\u00e1lny rozvoj \u2013 formovanie vedomej kontroly spr\u00e1vania, mor\u00e1lny rozvoj, podpora samostatnosti a individuality ka\u017ed\u00e9ho \u010fie\u0165a\u0165a.<\/li>\n<li>b) jazyk, re\u010d a komunik\u00e1cia \u2013 osvojujeme si gramatick\u00e9 pravidl\u00e1 jazyka, komunikujeme vo vet\u00e1ch, \u010d\u00edtame kni\u017eky a dotv\u00e1rame vlastn\u00e9 pribehy, u\u010d\u00edme sa re\u010d\u0148ovanky a b\u00e1sni\u010dky.<\/li>\n<li>c) jemn\u00e1 a hrub\u00e1 motorika \u2013 koordin\u00e1cia, \u0161portov\u00e9 kolekt\u00edvne hry, spr\u00e1vne uchopenie predmetov.<\/li>\n<li>d) kreativita a tvorenie \u2013 vytvori\u0165 z\u00e1ujem o nov\u00e9 veci, sk\u00famanie, h\u013aadanie nov\u00fdch ide\u00ed pri rie\u0161en\u00ed be\u017en\u00fdch probl\u00e9mov. Napodob\u0148ujeme, ma\u013eujeme, tvor\u00edme pod\u013ea predlohy.<\/li>\n<\/ul>\n<p>Nadob\u00fadanie vedomost\u00ed a zru\u010dnost\u00ed, tzv. kompetencie pred\u0161kol\u00e1ka, ktor\u00e9 tvoria z\u00e1klad pri n\u00e1sleduj\u00facom v\u00fdchovno-vzdel\u00e1vacom procese na z\u00e1kladnej \u0161kole. Cie\u013eom je nau\u010di\u0165 die\u0165a pozn\u00e1va\u0165, myslie\u0165 a rie\u0161i\u0165 probl\u00e9m.<\/p>\n<h4>\u0160at\u0148a<\/h4>\nngg_shortcode_2_placeholder\n<h4>Kuchy\u0148a<\/h4>\n<h4>K\u00fapelne<\/h4>\nngg_shortcode_3_placeholder\n<h3 style=\"color: #f16c20;\">Vonkaj\u0161ie priestory<\/h3>\n<p>Na\u0161e zariadenie m\u00e1 vlastn\u00e9 ihrisko. V r\u00e1mci na\u0161ej z\u00e1hrady maj\u00fa deti k dispoz\u00edci\u00ed certifikovan\u00e9 preliezky, dom\u010dek na hranie, \u0161m\u00fdka\u010dky, trampol\u00edna. Plocha pod preliezkami je pokryt\u00e1 m\u00e1kk\u00fdm bezpe\u010dn\u00fdm povrchom. Hojda\u010dky s\u00fa umiestnen\u00e9 na pravidelne upravovanom tr\u00e1vniku, kde maj\u00fa deti k dispoz\u00edci\u00ed vonkaj\u0161ie hra\u010dky, a to lopty, \u0161vihadl\u00e1, kolky,hula kruhy, f\u00fariky, kosa\u010dky &#8230; Det\u00ed maj\u00fa taktie\u017e k dispoz\u00edci\u00ed odr\u00e1\u017eadl\u00e1, motorky a aut\u00ed\u010dka v r\u00f4znych ve\u013ekostiach.<\/p>\n","protected":false},"excerpt":{"rendered":"<p>Vn\u00fatorn\u00e9 priestory Triedy Vzdelanie na\u0161ich det\u00ed realizujeme v s\u00falade so \u0160t\u00e1tnym vzdel\u00e1vac\u00edm programom pre predprim\u00e1rne vzdel\u00e1vanie, schv\u00e1len\u00fdm ministerstvom \u0161kolstva, vedy , v\u00fdskumu a \u0161portu SR. Obsah vzdel\u00e1vac\u00edch oblast\u00ed sa sna\u017e\u00edme de\u0165om obohati\u0165 formou z\u00e1\u017eitkov\u00e9ho u\u010denia, vyu\u017eit\u00edm kvalitn\u00fdch materi\u00e1lov, ktor\u00e9 kombinujeme pod\u013ea vekovej \u00farovn\u00ed det\u00ed v ka\u017edej triede. 1. trieda &#8211; Lienky &#8211; 1 rok a\u017e<a class=\"moretag\" href=\"https:\/\/jaslesvetluska.sk\/?page_id=115\"><span class=\"screen-reader-text\">Pre\u010d\u00edtajte si viac o Priestory<\/span>[&#8230;]<\/a><\/p>\n","protected":false},"author":1,"featured_media":0,"parent":0,"menu_order":0,"comment_status":"closed","ping_status":"closed","template":"template-fullwidth.php","meta":{"_monsterinsights_skip_tracking":false,"_monsterinsights_sitenote_active":false,"_monsterinsights_sitenote_note":"","_monsterinsights_sitenote_category":0,"ngg_post_thumbnail":0,"footnotes":""},"class_list":["post-115","page","type-page","status-publish","hentry"],"yoast_head":"<!-- This site is optimized with the Yoast SEO plugin v25.0 - https:\/\/yoast.com\/wordpress\/plugins\/seo\/ -->\n<title>Priestory - S\u00fakromn\u00e9 jasle so \u0161k\u00f4lkou Svetlu\u0161ka<\/title>\n<meta name=\"robots\" content=\"index, follow, max-snippet:-1, max-image-preview:large, max-video-preview:-1\" \/>\n<link rel=\"canonical\" href=\"http:\/\/jaslesvetluska.sk\/?page_id=115\" \/>\n<meta property=\"og:locale\" content=\"sk_SK\" \/>\n<meta property=\"og:type\" content=\"article\" \/>\n<meta property=\"og:title\" content=\"Priestory - S\u00fakromn\u00e9 jasle so \u0161k\u00f4lkou Svetlu\u0161ka\" \/>\n<meta property=\"og:description\" content=\"Vn\u00fatorn\u00e9 priestory Triedy Vzdelanie na\u0161ich det\u00ed realizujeme v s\u00falade so \u0160t\u00e1tnym vzdel\u00e1vac\u00edm programom pre predprim\u00e1rne vzdel\u00e1vanie, schv\u00e1len\u00fdm ministerstvom \u0161kolstva, vedy , v\u00fdskumu a \u0161portu SR. Obsah vzdel\u00e1vac\u00edch oblast\u00ed sa sna\u017e\u00edme de\u0165om obohati\u0165 formou z\u00e1\u017eitkov\u00e9ho u\u010denia, vyu\u017eit\u00edm kvalitn\u00fdch materi\u00e1lov, ktor\u00e9 kombinujeme pod\u013ea vekovej \u00farovn\u00ed det\u00ed v ka\u017edej triede. 1. trieda &#8211; Lienky &#8211; 1 rok a\u017ePre\u010d\u00edtajte si viac o Priestory[...]\" \/>\n<meta property=\"og:url\" content=\"http:\/\/jaslesvetluska.sk\/?page_id=115\" \/>\n<meta property=\"og:site_name\" content=\"S\u00fakromn\u00e9 jasle so \u0161k\u00f4lkou Svetlu\u0161ka\" \/>\n<meta property=\"article:modified_time\" content=\"2024-09-05T10:04:57+00:00\" \/>\n<meta name=\"twitter:card\" content=\"summary_large_image\" \/>\n<meta name=\"twitter:label1\" content=\"Predpokladan\u00fd \u010das \u010d\u00edtania\" \/>\n\t<meta name=\"twitter:data1\" content=\"3 min\u00faty\" \/>\n<script type=\"application\/ld+json\" class=\"yoast-schema-graph\">{\"@context\":\"https:\/\/schema.org\",\"@graph\":[{\"@type\":\"WebPage\",\"@id\":\"http:\/\/jaslesvetluska.sk\/?page_id=115\",\"url\":\"http:\/\/jaslesvetluska.sk\/?page_id=115\",\"name\":\"Priestory - S\u00fakromn\u00e9 jasle so \u0161k\u00f4lkou Svetlu\u0161ka\",\"isPartOf\":{\"@id\":\"https:\/\/jaslesvetluska.sk\/#website\"},\"datePublished\":\"2024-06-18T11:28:47+00:00\",\"dateModified\":\"2024-09-05T10:04:57+00:00\",\"breadcrumb\":{\"@id\":\"http:\/\/jaslesvetluska.sk\/?page_id=115#breadcrumb\"},\"inLanguage\":\"sk-SK\",\"potentialAction\":[{\"@type\":\"ReadAction\",\"target\":[\"http:\/\/jaslesvetluska.sk\/?page_id=115\"]}]},{\"@type\":\"BreadcrumbList\",\"@id\":\"http:\/\/jaslesvetluska.sk\/?page_id=115#breadcrumb\",\"itemListElement\":[{\"@type\":\"ListItem\",\"position\":1,\"name\":\"Home\",\"item\":\"http:\/\/jaslesvetluska.sk\/\"},{\"@type\":\"ListItem\",\"position\":2,\"name\":\"Priestory\"}]},{\"@type\":\"WebSite\",\"@id\":\"https:\/\/jaslesvetluska.sk\/#website\",\"url\":\"https:\/\/jaslesvetluska.sk\/\",\"name\":\"S\u00fakromn\u00e9 jasle so \u0161k\u00f4lkou Svetlu\u0161ka\",\"description\":\"\",\"potentialAction\":[{\"@type\":\"SearchAction\",\"target\":{\"@type\":\"EntryPoint\",\"urlTemplate\":\"https:\/\/jaslesvetluska.sk\/?s={search_term_string}\"},\"query-input\":{\"@type\":\"PropertyValueSpecification\",\"valueRequired\":true,\"valueName\":\"search_term_string\"}}],\"inLanguage\":\"sk-SK\"}]}<\/script>\n<!-- \/ Yoast SEO plugin. -->","yoast_head_json":{"title":"Priestory - S\u00fakromn\u00e9 jasle so \u0161k\u00f4lkou Svetlu\u0161ka","robots":{"index":"index","follow":"follow","max-snippet":"max-snippet:-1","max-image-preview":"max-image-preview:large","max-video-preview":"max-video-preview:-1"},"canonical":"http:\/\/jaslesvetluska.sk\/?page_id=115","og_locale":"sk_SK","og_type":"article","og_title":"Priestory - S\u00fakromn\u00e9 jasle so \u0161k\u00f4lkou Svetlu\u0161ka","og_description":"Vn\u00fatorn\u00e9 priestory Triedy Vzdelanie na\u0161ich det\u00ed realizujeme v s\u00falade so \u0160t\u00e1tnym vzdel\u00e1vac\u00edm programom pre predprim\u00e1rne vzdel\u00e1vanie, schv\u00e1len\u00fdm ministerstvom \u0161kolstva, vedy , v\u00fdskumu a \u0161portu SR. Obsah vzdel\u00e1vac\u00edch oblast\u00ed sa sna\u017e\u00edme de\u0165om obohati\u0165 formou z\u00e1\u017eitkov\u00e9ho u\u010denia, vyu\u017eit\u00edm kvalitn\u00fdch materi\u00e1lov, ktor\u00e9 kombinujeme pod\u013ea vekovej \u00farovn\u00ed det\u00ed v ka\u017edej triede. 1. trieda &#8211; Lienky &#8211; 1 rok a\u017ePre\u010d\u00edtajte si viac o Priestory[...]","og_url":"http:\/\/jaslesvetluska.sk\/?page_id=115","og_site_name":"S\u00fakromn\u00e9 jasle so \u0161k\u00f4lkou Svetlu\u0161ka","article_modified_time":"2024-09-05T10:04:57+00:00","twitter_card":"summary_large_image","twitter_misc":{"Predpokladan\u00fd \u010das \u010d\u00edtania":"3 min\u00faty"},"schema":{"@context":"https:\/\/schema.org","@graph":[{"@type":"WebPage","@id":"http:\/\/jaslesvetluska.sk\/?page_id=115","url":"http:\/\/jaslesvetluska.sk\/?page_id=115","name":"Priestory - S\u00fakromn\u00e9 jasle so \u0161k\u00f4lkou Svetlu\u0161ka","isPartOf":{"@id":"https:\/\/jaslesvetluska.sk\/#website"},"datePublished":"2024-06-18T11:28:47+00:00","dateModified":"2024-09-05T10:04:57+00:00","breadcrumb":{"@id":"http:\/\/jaslesvetluska.sk\/?page_id=115#breadcrumb"},"inLanguage":"sk-SK","potentialAction":[{"@type":"ReadAction","target":["http:\/\/jaslesvetluska.sk\/?page_id=115"]}]},{"@type":"BreadcrumbList","@id":"http:\/\/jaslesvetluska.sk\/?page_id=115#breadcrumb","itemListElement":[{"@type":"ListItem","position":1,"name":"Home","item":"http:\/\/jaslesvetluska.sk\/"},{"@type":"ListItem","position":2,"name":"Priestory"}]},{"@type":"WebSite","@id":"https:\/\/jaslesvetluska.sk\/#website","url":"https:\/\/jaslesvetluska.sk\/","name":"S\u00fakromn\u00e9 jasle so \u0161k\u00f4lkou Svetlu\u0161ka","description":"","potentialAction":[{"@type":"SearchAction","target":{"@type":"EntryPoint","urlTemplate":"https:\/\/jaslesvetluska.sk\/?s={search_term_string}"},"query-input":{"@type":"PropertyValueSpecification","valueRequired":true,"valueName":"search_term_string"}}],"inLanguage":"sk-SK"}]}},"_links":{"self":[{"href":"https:\/\/jaslesvetluska.sk\/index.php?rest_route=\/wp\/v2\/pages\/115","targetHints":{"allow":["GET"]}}],"collection":[{"href":"https:\/\/jaslesvetluska.sk\/index.php?rest_route=\/wp\/v2\/pages"}],"about":[{"href":"https:\/\/jaslesvetluska.sk\/index.php?rest_route=\/wp\/v2\/types\/page"}],"author":[{"embeddable":true,"href":"https:\/\/jaslesvetluska.sk\/index.php?rest_route=\/wp\/v2\/users\/1"}],"replies":[{"embeddable":true,"href":"https:\/\/jaslesvetluska.sk\/index.php?rest_route=%2Fwp%2Fv2%2Fcomments&post=115"}],"version-history":[{"count":6,"href":"https:\/\/jaslesvetluska.sk\/index.php?rest_route=\/wp\/v2\/pages\/115\/revisions"}],"predecessor-version":[{"id":204,"href":"https:\/\/jaslesvetluska.sk\/index.php?rest_route=\/wp\/v2\/pages\/115\/revisions\/204"}],"wp:attachment":[{"href":"https:\/\/jaslesvetluska.sk\/index.php?rest_route=%2Fwp%2Fv2%2Fmedia&parent=115"}],"curies":[{"name":"wp","href":"https:\/\/api.w.org\/{rel}","templated":true}]}}